{"id":2139,"date":"2022-11-16T14:18:13","date_gmt":"2022-11-16T14:18:13","guid":{"rendered":"https:\/\/jonkheidnoorbeek.nl\/?page_id=2139"},"modified":"2026-04-03T13:02:32","modified_gmt":"2026-04-03T13:02:32","slug":"den-halen","status":"publish","type":"page","link":"https:\/\/jonkheidnoorbeek.nl\/index.php\/den-halen\/","title":{"rendered":"Den Halen"},"content":{"rendered":"\t\t<div data-elementor-type=\"wp-page\" data-elementor-id=\"2139\" class=\"elementor elementor-2139\">\n\t\t\t\t\t\t<section class=\"elementor-section elementor-top-section elementor-element elementor-element-93vmm05 elementor-section-content-middle elementor-section-boxed elementor-section-height-default elementor-section-height-default\" data-id=\"93vmm05\" data-element_type=\"section\" data-e-type=\"section\" data-settings=\"{&quot;background_background&quot;:&quot;classic&quot;}\">\n\t\t\t\t\t\t\t<div class=\"elementor-background-overlay\"><\/div>\n\t\t\t\t\t\t\t<div class=\"elementor-container elementor-column-gap-no\">\n\t\t\t\t\t<div class=\"elementor-column elementor-col-50 elementor-top-column elementor-element elementor-element-9247ec0\" data-id=\"9247ec0\" data-element_type=\"column\" data-e-type=\"column\">\n\t\t\t<div class=\"elementor-widget-wrap elementor-element-populated\">\n\t\t\t\t\t\t<div class=\"elementor-element elementor-element-f003f55 elementor-widget elementor-widget-heading\" data-id=\"f003f55\" data-element_type=\"widget\" data-e-type=\"widget\" data-widget_type=\"heading.default\">\n\t\t\t\t<div class=\"elementor-widget-container\">\n\t\t\t\t\t<h2 class=\"elementor-heading-title elementor-size-default\">Sint-Brigida-Denhalen<\/h2>\t\t\t\t<\/div>\n\t\t\t\t<\/div>\n\t\t\t\t<div class=\"elementor-element elementor-element-aba5f59 elementor-widget elementor-widget-text-editor\" data-id=\"aba5f59\" data-element_type=\"widget\" data-e-type=\"widget\" data-widget_type=\"text-editor.default\">\n\t\t\t\t<div class=\"elementor-widget-container\">\n\t\t\t\t\t\t\t\t\t<p>In 1634 beloofden onze voorouders aan Sint-Brigida ieder jaar een den te zullen halen en te planten, als de veeziekte die Noorbeek en omgeving teisterde zou verdwijnen. De veeziekte verdwijnt en het vee wordt gespaard en zo wordt er al bijna 400 jaar lang door de inwoners van Noorbeek vol trouw aan deze belofte voldaan. Ter ere van hun beschermvrouwe, de patrones van vee en parochie, <em>&#8220;ter iere van Sint Briej&#8221;<\/em>.<\/p>\t\t\t\t\t\t\t\t<\/div>\n\t\t\t\t<\/div>\n\t\t\t\t\t<\/div>\n\t\t<\/div>\n\t\t\t\t<div class=\"elementor-column elementor-col-50 elementor-top-column elementor-element elementor-element-3bcc9c8\" data-id=\"3bcc9c8\" data-element_type=\"column\" data-e-type=\"column\">\n\t\t\t<div class=\"elementor-widget-wrap elementor-element-populated\">\n\t\t\t\t\t\t<div class=\"elementor-element elementor-element-d2d69e7 elementor-widget elementor-widget-image\" data-id=\"d2d69e7\" data-element_type=\"widget\" data-e-type=\"widget\" data-widget_type=\"image.default\">\n\t\t\t\t<div class=\"elementor-widget-container\">\n\t\t\t\t\t\t\t\t\t\t\t\t\t\t\t<img fetchpriority=\"high\" decoding=\"async\" width=\"2560\" height=\"1837\" src=\"https:\/\/jonkheidnoorbeek.nl\/wp-content\/uploads\/2022\/11\/Scannen0004-3-scaled.jpg\" class=\"attachment-full size-full wp-image-1840\" alt=\"\" srcset=\"https:\/\/jonkheidnoorbeek.nl\/wp-content\/uploads\/2022\/11\/Scannen0004-3-scaled.jpg 2560w, https:\/\/jonkheidnoorbeek.nl\/wp-content\/uploads\/2022\/11\/Scannen0004-3-300x215.jpg 300w, https:\/\/jonkheidnoorbeek.nl\/wp-content\/uploads\/2022\/11\/Scannen0004-3-1024x735.jpg 1024w, https:\/\/jonkheidnoorbeek.nl\/wp-content\/uploads\/2022\/11\/Scannen0004-3-768x551.jpg 768w, https:\/\/jonkheidnoorbeek.nl\/wp-content\/uploads\/2022\/11\/Scannen0004-3-1536x1102.jpg 1536w, https:\/\/jonkheidnoorbeek.nl\/wp-content\/uploads\/2022\/11\/Scannen0004-3-2048x1469.jpg 2048w\" sizes=\"(max-width: 2560px) 100vw, 2560px\" \/>\t\t\t\t\t\t\t\t\t\t\t\t\t\t\t<\/div>\n\t\t\t\t<\/div>\n\t\t\t\t\t<\/div>\n\t\t<\/div>\n\t\t\t\t\t<\/div>\n\t\t<\/section>\n\t\t\t\t<section class=\"elementor-section elementor-top-section elementor-element elementor-element-5fecsv0 elementor-section-content-middle elementor-section-boxed elementor-section-height-default elementor-section-height-default\" data-id=\"5fecsv0\" data-element_type=\"section\" data-e-type=\"section\" data-settings=\"{&quot;background_background&quot;:&quot;classic&quot;}\">\n\t\t\t\t\t\t\t<div class=\"elementor-background-overlay\"><\/div>\n\t\t\t\t\t\t\t<div class=\"elementor-container elementor-column-gap-no\">\n\t\t\t\t\t<div class=\"elementor-column elementor-col-100 elementor-top-column elementor-element elementor-element-c630f55\" data-id=\"c630f55\" data-element_type=\"column\" data-e-type=\"column\">\n\t\t\t<div class=\"elementor-widget-wrap elementor-element-populated\">\n\t\t\t\t\t\t<div class=\"elementor-element elementor-element-f4f3776 elementor-widget__width-initial elementor-widget elementor-widget-text-editor\" data-id=\"f4f3776\" data-element_type=\"widget\" data-e-type=\"widget\" data-widget_type=\"text-editor.default\">\n\t\t\t\t<div class=\"elementor-widget-container\">\n\t\t\t\t\t\t\t\t\t<p style=\"text-align: center;\"><span style=\"color: #000000;\"><em>&#8220;De jaarlijkse St Brigidaboomplanting te Noorbeek is voor en boven alles het feest van het boerenpaard&#8230;<\/em><\/span><\/p><p style=\"text-align: center;\"><span style=\"color: #ffffff;\"><em><span style=\"color: #000000;\">Het meest spectaculaire, zinrijke en inhoudsvolle paardenfestijn dat in Nederland geboden wordt&#8221;.\u00a0<\/span><\/em><\/span><\/p>\t\t\t\t\t\t\t\t<\/div>\n\t\t\t\t<\/div>\n\t\t\t\t<div class=\"elementor-element elementor-element-7569c80 elementor-widget elementor-widget-heading\" data-id=\"7569c80\" data-element_type=\"widget\" data-e-type=\"widget\" data-widget_type=\"heading.default\">\n\t\t\t\t<div class=\"elementor-widget-container\">\n\t\t\t\t\t<h3 class=\"elementor-heading-title elementor-size-medium\">- D.J. Van der Ven<\/h3>\t\t\t\t<\/div>\n\t\t\t\t<\/div>\n\t\t\t\t<div class=\"elementor-element elementor-element-1c324f3 elementor-widget elementor-widget-heading\" data-id=\"1c324f3\" data-element_type=\"widget\" data-e-type=\"widget\" data-widget_type=\"heading.default\">\n\t\t\t\t<div class=\"elementor-widget-container\">\n\t\t\t\t\t<h5 class=\"elementor-heading-title elementor-size-default\">Folklorist, 1964<\/h5>\t\t\t\t<\/div>\n\t\t\t\t<\/div>\n\t\t\t\t\t<\/div>\n\t\t<\/div>\n\t\t\t\t\t<\/div>\n\t\t<\/section>\n\t\t\t\t<section class=\"elementor-section elementor-top-section elementor-element elementor-element-5a8728a elementor-section-boxed elementor-section-height-default elementor-section-height-default\" data-id=\"5a8728a\" data-element_type=\"section\" data-e-type=\"section\">\n\t\t\t\t\t\t<div class=\"elementor-container elementor-column-gap-default\">\n\t\t\t\t\t<div class=\"elementor-column elementor-col-100 elementor-top-column elementor-element elementor-element-be2eb53\" data-id=\"be2eb53\" data-element_type=\"column\" data-e-type=\"column\">\n\t\t\t<div class=\"elementor-widget-wrap elementor-element-populated\">\n\t\t\t\t\t\t<div class=\"elementor-element elementor-element-98099b0 elementor-position-top elementor-widget elementor-widget-image-box\" data-id=\"98099b0\" data-element_type=\"widget\" data-e-type=\"widget\" data-widget_type=\"image-box.default\">\n\t\t\t\t<div class=\"elementor-widget-container\">\n\t\t\t\t\t<div class=\"elementor-image-box-wrapper\"><figure class=\"elementor-image-box-img\"><a href=\"https:\/\/www.immaterieelerfgoed.nl\/nl\/brigidadenhalen\" tabindex=\"-1\"><img decoding=\"async\" width=\"2560\" height=\"649\" src=\"https:\/\/jonkheidnoorbeek.nl\/wp-content\/uploads\/2022\/11\/Sint_Brigida_Denhalen_Noorbeek-scaled.jpg\" class=\"attachment-full size-full wp-image-2127\" alt=\"\" srcset=\"https:\/\/jonkheidnoorbeek.nl\/wp-content\/uploads\/2022\/11\/Sint_Brigida_Denhalen_Noorbeek-scaled.jpg 2560w, https:\/\/jonkheidnoorbeek.nl\/wp-content\/uploads\/2022\/11\/Sint_Brigida_Denhalen_Noorbeek-300x76.jpg 300w, https:\/\/jonkheidnoorbeek.nl\/wp-content\/uploads\/2022\/11\/Sint_Brigida_Denhalen_Noorbeek-1024x260.jpg 1024w, https:\/\/jonkheidnoorbeek.nl\/wp-content\/uploads\/2022\/11\/Sint_Brigida_Denhalen_Noorbeek-768x195.jpg 768w, https:\/\/jonkheidnoorbeek.nl\/wp-content\/uploads\/2022\/11\/Sint_Brigida_Denhalen_Noorbeek-1536x389.jpg 1536w, https:\/\/jonkheidnoorbeek.nl\/wp-content\/uploads\/2022\/11\/Sint_Brigida_Denhalen_Noorbeek-2048x519.jpg 2048w\" sizes=\"(max-width: 2560px) 100vw, 2560px\" \/><\/a><\/figure><div class=\"elementor-image-box-content\"><p class=\"elementor-image-box-description\">In 2014 is het Sint-Brigida-Denhalen in Noorbeek geplaatst op de Nationale Inventaris Immaterieel Cultureel Erfgoed Nederland van UNESCO. Als Jonkheid zijn wij vanzelfsprekend erg trots op deze erkenning. \nWij hopen dat onze prachtige traditie, met steun van de Nationale Inventaris, nog vele jaren mag voortbestaan.<\/p><\/div><\/div>\t\t\t\t<\/div>\n\t\t\t\t<\/div>\n\t\t\t\t\t<\/div>\n\t\t<\/div>\n\t\t\t\t\t<\/div>\n\t\t<\/section>\n\t\t\t\t<section class=\"elementor-section elementor-top-section elementor-element elementor-element-459177d elementor-section-boxed elementor-section-height-default elementor-section-height-default\" data-id=\"459177d\" data-element_type=\"section\" data-e-type=\"section\">\n\t\t\t\t\t\t<div class=\"elementor-container elementor-column-gap-default\">\n\t\t\t\t\t<div class=\"elementor-column elementor-col-100 elementor-top-column elementor-element elementor-element-efb42e8\" data-id=\"efb42e8\" data-element_type=\"column\" data-e-type=\"column\">\n\t\t\t<div class=\"elementor-widget-wrap elementor-element-populated\">\n\t\t\t\t\t\t<div class=\"elementor-element elementor-element-754a1d0 elementor-widget elementor-widget-heading\" data-id=\"754a1d0\" data-element_type=\"widget\" data-e-type=\"widget\" data-widget_type=\"heading.default\">\n\t\t\t\t<div class=\"elementor-widget-container\">\n\t\t\t\t\t<h4 class=\"elementor-heading-title elementor-size-default\">De voorbereidingen<\/h4>\t\t\t\t<\/div>\n\t\t\t\t<\/div>\n\t\t\t\t<div class=\"elementor-element elementor-element-34633a0 elementor-widget elementor-widget-text-editor\" data-id=\"34633a0\" data-element_type=\"widget\" data-e-type=\"widget\" data-widget_type=\"text-editor.default\">\n\t\t\t\t<div class=\"elementor-widget-container\">\n\t\t\t\t\t\t\t\t\t<p>De voorbereidingen voor het Sint-Brigida-Denhalen beginnen rond carnaval, wanneer het bestuur van de Jonkheid zijn eerste vergadering van het jaar houdt. In de hierop volgende weken moet er veel werk worden verzet om op de tweede zaterdag na Pasen een nieuwe Sint-Brigida-den naar Noorbeek te kunnen halen.<\/p><p>Zo moeten alle paardeneigenaren van de ongeveer 25 paarden die met Denhalen meelopen benaderd worden, moet het getuig worden onderhouden en gepast, en moet een nieuwe den is het bos worden uitgezocht. Vanaf halfvasten beginnen de bestuursleden van de Jonkheid met de lotenverkoop voor de oude den. De verloting van deze oude den vindt plaats voorgaand aan de jaarvergadering op paasmaandag.<\/p><p>Nadat de verloting heeft plaatsgevonden en de winnaar van de oude den bekend is gemaakt, vertrekt de Jonkheid naar de jaarvergadering. Tijdens de jaarvergadering wordt er terug gekeken op het afgelopen jaar, wordt er vooruit gekeken naar het komende jaar en vind de bestuursverkiezing plaats. Na afloop van de jaarvergadering vindt ook de verdeling van de paarden onder de leden plaats.<\/p><p>Na de jaarvergadering zetten bestuur en leden van de Jonkheid allemaal een tandje bij. In de laatste twee weken voor Denhalen worden de kransen gemaakt, het getuig gepoetst en worden de bijlen waarmee de den gekapt wordt geslepen. De vrijdag voor Denhalen wordt het dorp in gereedheid gebracht voor de volgende dag, de verkeersborden en omleidingsroutes worden uitgezet, de kapperskar en dennenwagen worden geladen en hierna wordt de dennenwagen wordt naar de Pley gebracht. Als laatste wordt rond de klok van 19.00 uur de dennenwagen <em>&#8220;gevr\u00e8geld&#8221;<\/em> en is alles klaar voor vertrek.\u00a0<\/p>\t\t\t\t\t\t\t\t<\/div>\n\t\t\t\t<\/div>\n\t\t\t\t<div class=\"elementor-element elementor-element-381665b elementor-widget elementor-widget-heading\" data-id=\"381665b\" data-element_type=\"widget\" data-e-type=\"widget\" data-widget_type=\"heading.default\">\n\t\t\t\t<div class=\"elementor-widget-container\">\n\t\t\t\t\t<h4 class=\"elementor-heading-title elementor-size-default\">De tweede zaterdag na Pasen<\/h4>\t\t\t\t<\/div>\n\t\t\t\t<\/div>\n\t\t\t\t\t<\/div>\n\t\t<\/div>\n\t\t\t\t\t<\/div>\n\t\t<\/section>\n\t\t\t\t<section class=\"elementor-section elementor-top-section elementor-element elementor-element-77cc541 elementor-section-boxed elementor-section-height-default elementor-section-height-default\" data-id=\"77cc541\" data-element_type=\"section\" data-e-type=\"section\">\n\t\t\t\t\t\t<div class=\"elementor-container elementor-column-gap-default\">\n\t\t\t\t\t<div class=\"elementor-column elementor-col-100 elementor-top-column elementor-element elementor-element-1d84995\" data-id=\"1d84995\" data-element_type=\"column\" data-e-type=\"column\">\n\t\t\t<div class=\"elementor-widget-wrap elementor-element-populated\">\n\t\t\t\t\t\t<section class=\"elementor-section elementor-inner-section elementor-element elementor-element-ad3b8a0 elementor-section-boxed elementor-section-height-default elementor-section-height-default\" data-id=\"ad3b8a0\" data-element_type=\"section\" data-e-type=\"section\">\n\t\t\t\t\t\t<div class=\"elementor-container elementor-column-gap-default\">\n\t\t\t\t\t<div class=\"elementor-column elementor-col-50 elementor-inner-column elementor-element elementor-element-6e625ce\" data-id=\"6e625ce\" data-element_type=\"column\" data-e-type=\"column\">\n\t\t\t<div class=\"elementor-widget-wrap elementor-element-populated\">\n\t\t\t\t\t\t<div class=\"elementor-element elementor-element-dd4f928 elementor-widget elementor-widget-image\" data-id=\"dd4f928\" data-element_type=\"widget\" data-e-type=\"widget\" data-widget_type=\"image.default\">\n\t\t\t\t<div class=\"elementor-widget-container\">\n\t\t\t\t\t\t\t\t\t\t\t\t<figure class=\"wp-caption\">\n\t\t\t\t\t\t\t\t\t\t<img decoding=\"async\" width=\"1024\" height=\"683\" src=\"https:\/\/jonkheidnoorbeek.nl\/wp-content\/uploads\/2022\/11\/Denhalen-2014-In-de-morgen-63.jpg\" class=\"attachment-large size-large wp-image-1831\" alt=\"\" srcset=\"https:\/\/jonkheidnoorbeek.nl\/wp-content\/uploads\/2022\/11\/Denhalen-2014-In-de-morgen-63.jpg 1024w, https:\/\/jonkheidnoorbeek.nl\/wp-content\/uploads\/2022\/11\/Denhalen-2014-In-de-morgen-63-300x200.jpg 300w, https:\/\/jonkheidnoorbeek.nl\/wp-content\/uploads\/2022\/11\/Denhalen-2014-In-de-morgen-63-768x512.jpg 768w\" sizes=\"(max-width: 1024px) 100vw, 1024px\" \/>\t\t\t\t\t\t\t\t\t\t\t<figcaption class=\"widget-image-caption wp-caption-text\">Het vallen van de oude den<\/figcaption>\n\t\t\t\t\t\t\t\t\t\t<\/figure>\n\t\t\t\t\t\t\t\t\t<\/div>\n\t\t\t\t<\/div>\n\t\t\t\t\t<\/div>\n\t\t<\/div>\n\t\t\t\t<div class=\"elementor-column elementor-col-50 elementor-inner-column elementor-element elementor-element-cbef665\" data-id=\"cbef665\" data-element_type=\"column\" data-e-type=\"column\">\n\t\t\t<div class=\"elementor-widget-wrap elementor-element-populated\">\n\t\t\t\t\t\t<div class=\"elementor-element elementor-element-895d963 elementor-widget elementor-widget-heading\" data-id=\"895d963\" data-element_type=\"widget\" data-e-type=\"widget\" data-widget_type=\"heading.default\">\n\t\t\t\t<div class=\"elementor-widget-container\">\n\t\t\t\t\t<h4 class=\"elementor-heading-title elementor-size-default\">Het vallen van de oude den<\/h4>\t\t\t\t<\/div>\n\t\t\t\t<\/div>\n\t\t\t\t<div class=\"elementor-element elementor-element-9b56fde elementor-widget elementor-widget-text-editor\" data-id=\"9b56fde\" data-element_type=\"widget\" data-e-type=\"widget\" data-widget_type=\"text-editor.default\">\n\t\t\t\t<div class=\"elementor-widget-container\">\n\t\t\t\t\t\t\t\t\t<p>Elk jaar loopt Noorbeek en omstreken op de tweede zaterdag na Pasen uit om het halen en <em>&#8220;h\u00e8ven&#8221;<\/em> van de nieuwe Sint-Brigida-Den mee te maken. De dag begint om 6.00 uur op de Pley, waar de oude den wordt uitgegraven en verwijderd. Eerst wordt de den verankerd aan de kapel, waarna de betonnen platen worden verwijderd en het uitgraven kan beginnen. Tijdens het uitgraven wordt er door een aantal leden van de Jonkheid kamer geschoten als teken dat <span data-editable-id=\"9\">Denhalen begonnen is. Nadere informatie over het kamerschieten vindt u<\/span><span data-editable-id=\"10\">\u00a0<\/span><span data-editable-id=\"12\"><a href=\"https:\/\/jonkheidnoorbeek.nl\/index.php\/kamerschieten\/\" target=\"_blank\" rel=\"noopener\"><span style=\"text-decoration: underline;\"><span style=\"color: #ff6600; text-decoration: underline;\">hier<\/span><\/span><\/a>. <\/span><\/p><p><span data-editable-id=\"12\">Zodra de den dan voldoende is uitgegraven, wordt hij weer losgemaakt van de kapel. Een simpel duwtje is genoeg om de den om te laten vallen. Met een doffe klap komt de den vervolgens neer. De enige dag van het jaar dat er geen den voor de Sint-Brigida-kapel staat, is begonnen!<\/span><\/p>\t\t\t\t\t\t\t\t<\/div>\n\t\t\t\t<\/div>\n\t\t\t\t\t<\/div>\n\t\t<\/div>\n\t\t\t\t\t<\/div>\n\t\t<\/section>\n\t\t\t\t<section class=\"elementor-section elementor-inner-section elementor-element elementor-element-76ba858 elementor-section-boxed elementor-section-height-default elementor-section-height-default\" data-id=\"76ba858\" data-element_type=\"section\" data-e-type=\"section\">\n\t\t\t\t\t\t<div class=\"elementor-container elementor-column-gap-default\">\n\t\t\t\t\t<div class=\"elementor-column elementor-col-50 elementor-inner-column elementor-element elementor-element-a14060c\" data-id=\"a14060c\" data-element_type=\"column\" data-e-type=\"column\">\n\t\t\t<div class=\"elementor-widget-wrap elementor-element-populated\">\n\t\t\t\t\t\t<div class=\"elementor-element elementor-element-71aff7d elementor-widget elementor-widget-heading\" data-id=\"71aff7d\" data-element_type=\"widget\" data-e-type=\"widget\" data-widget_type=\"heading.default\">\n\t\t\t\t<div class=\"elementor-widget-container\">\n\t\t\t\t\t<h4 class=\"elementor-heading-title elementor-size-default\">Het kappen van de nieuwe Sint-Brigida-Den<\/h4>\t\t\t\t<\/div>\n\t\t\t\t<\/div>\n\t\t\t\t<div class=\"elementor-element elementor-element-220f50f elementor-widget elementor-widget-text-editor\" data-id=\"220f50f\" data-element_type=\"widget\" data-e-type=\"widget\" data-widget_type=\"text-editor.default\">\n\t\t\t\t<div class=\"elementor-widget-container\">\n\t\t\t\t\t\t\t\t\t<p>Rond de klok van 8.00 uur vertrekt een deel van de Jonkheid, waaronder de kapitein, samen met pastoor Tervoort en een of meerdere afgevaardigde(n) van de gemeente naar het bos waar de nieuwe den wordt gekapt. Daar aangekomen klimt een boomchirurg in de den om op hoogte een touw te bevestigen. Hiermee kan bij het neervallen de richting van de den worden gestuurd. Terwijl hij omhoog klimt, verwijdert de boomchirurg ook alle takken, zodat alleen de top van de den behouden blijft.<\/p><p>Vervolgens wordt er gebeden voor een goed verloop van de dag en zegent Pastoor Tervoort de den. Daarna is het de taak aan Pastoor en de afgevaardigde(n) van de gemeente om de eerste slagen te verrichten. Hierna wordt het kappen overgenomen door leden van de Jonkheid. De fles jenever die is gekregen van de winnaar van de oude den, wordt gebruikt om de kelen van de kappers te smeren.<\/p><p>Na ongeveer een uur kappen stort de den onder luid gekraak en geraas ter aarde. Eerst wordt gecontroleerd of de den bij de val nergens is gebroken. Vervolgens wordt de den gemeten en ontdaan van de paar takken (buiten de takken in de kop van de den) die nog aan de den zitten. De lengte van de den is meestal rond de 30 meter. Vervolgens wordt de den met een tractor naar het het Rode Bos bij Remersdaal vervoerd.<\/p>\t\t\t\t\t\t\t\t<\/div>\n\t\t\t\t<\/div>\n\t\t\t\t\t<\/div>\n\t\t<\/div>\n\t\t\t\t<div class=\"elementor-column elementor-col-50 elementor-inner-column elementor-element elementor-element-d37b899\" data-id=\"d37b899\" data-element_type=\"column\" data-e-type=\"column\">\n\t\t\t<div class=\"elementor-widget-wrap elementor-element-populated\">\n\t\t\t\t\t\t<div class=\"elementor-element elementor-element-337626b elementor-widget elementor-widget-image\" data-id=\"337626b\" data-element_type=\"widget\" data-e-type=\"widget\" data-widget_type=\"image.default\">\n\t\t\t\t<div class=\"elementor-widget-container\">\n\t\t\t\t\t\t\t\t\t\t\t\t<figure class=\"wp-caption\">\n\t\t\t\t\t\t\t\t\t\t<img loading=\"lazy\" decoding=\"async\" width=\"683\" height=\"1024\" src=\"https:\/\/jonkheidnoorbeek.nl\/wp-content\/uploads\/2022\/11\/Denhalen-2014-In-het-Bos-69.jpg\" class=\"attachment-large size-large wp-image-2012\" alt=\"\" srcset=\"https:\/\/jonkheidnoorbeek.nl\/wp-content\/uploads\/2022\/11\/Denhalen-2014-In-het-Bos-69.jpg 683w, https:\/\/jonkheidnoorbeek.nl\/wp-content\/uploads\/2022\/11\/Denhalen-2014-In-het-Bos-69-200x300.jpg 200w\" sizes=\"(max-width: 683px) 100vw, 683px\" \/>\t\t\t\t\t\t\t\t\t\t\t<figcaption class=\"widget-image-caption wp-caption-text\">Het kappen van de den door Jean Bastings en Arno Gubbels<\/figcaption>\n\t\t\t\t\t\t\t\t\t\t<\/figure>\n\t\t\t\t\t\t\t\t\t<\/div>\n\t\t\t\t<\/div>\n\t\t\t\t\t<\/div>\n\t\t<\/div>\n\t\t\t\t\t<\/div>\n\t\t<\/section>\n\t\t\t\t<section class=\"elementor-section elementor-inner-section elementor-element elementor-element-9deef06 elementor-section-boxed elementor-section-height-default elementor-section-height-default\" data-id=\"9deef06\" data-element_type=\"section\" data-e-type=\"section\">\n\t\t\t\t\t\t<div class=\"elementor-container elementor-column-gap-default\">\n\t\t\t\t\t<div class=\"elementor-column elementor-col-50 elementor-inner-column elementor-element elementor-element-6cbf088\" data-id=\"6cbf088\" data-element_type=\"column\" data-e-type=\"column\">\n\t\t\t<div class=\"elementor-widget-wrap elementor-element-populated\">\n\t\t\t\t\t\t<div class=\"elementor-element elementor-element-a38f388 elementor-widget elementor-widget-image\" data-id=\"a38f388\" data-element_type=\"widget\" data-e-type=\"widget\" data-widget_type=\"image.default\">\n\t\t\t\t<div class=\"elementor-widget-container\">\n\t\t\t\t\t\t\t\t\t\t\t\t<figure class=\"wp-caption\">\n\t\t\t\t\t\t\t\t\t\t<img loading=\"lazy\" decoding=\"async\" width=\"1000\" height=\"667\" src=\"https:\/\/jonkheidnoorbeek.nl\/wp-content\/uploads\/2022\/11\/26.jpg\" class=\"attachment-large size-large wp-image-1820\" alt=\"\" srcset=\"https:\/\/jonkheidnoorbeek.nl\/wp-content\/uploads\/2022\/11\/26.jpg 1000w, https:\/\/jonkheidnoorbeek.nl\/wp-content\/uploads\/2022\/11\/26-300x200.jpg 300w, https:\/\/jonkheidnoorbeek.nl\/wp-content\/uploads\/2022\/11\/26-768x512.jpg 768w\" sizes=\"(max-width: 1000px) 100vw, 1000px\" \/>\t\t\t\t\t\t\t\t\t\t\t<figcaption class=\"widget-image-caption wp-caption-text\">Het vertrek vanuit Noorbeek in de ochtend<\/figcaption>\n\t\t\t\t\t\t\t\t\t\t<\/figure>\n\t\t\t\t\t\t\t\t\t<\/div>\n\t\t\t\t<\/div>\n\t\t\t\t\t<\/div>\n\t\t<\/div>\n\t\t\t\t<div class=\"elementor-column elementor-col-50 elementor-inner-column elementor-element elementor-element-fcd5040\" data-id=\"fcd5040\" data-element_type=\"column\" data-e-type=\"column\">\n\t\t\t<div class=\"elementor-widget-wrap elementor-element-populated\">\n\t\t\t\t\t\t<div class=\"elementor-element elementor-element-4245436 elementor-widget elementor-widget-heading\" data-id=\"4245436\" data-element_type=\"widget\" data-e-type=\"widget\" data-widget_type=\"heading.default\">\n\t\t\t\t<div class=\"elementor-widget-container\">\n\t\t\t\t\t<h4 class=\"elementor-heading-title elementor-size-default\">Het vertrek vanuit Noorbeek<\/h4>\t\t\t\t<\/div>\n\t\t\t\t<\/div>\n\t\t\t\t<div class=\"elementor-element elementor-element-ff60d31 elementor-widget elementor-widget-text-editor\" data-id=\"ff60d31\" data-element_type=\"widget\" data-e-type=\"widget\" data-widget_type=\"text-editor.default\">\n\t\t\t\t<div class=\"elementor-widget-container\">\n\t\t\t\t\t\t\t\t\t<p>Terwijl de leden van de Jonkheid in het bos bezig zijn met het kappen van de Den, wordt er in Noorbeek zeker niet stilgezeten. Vanuit alle windstreken komen trekpaarden het dorp binnen, en de overige leden van de Jonkheid staan klaar om de paarden te verzorgen en op te tuigen. Naast het <span data-editable-id=\"15\" data-editable-touched=\"1\">standaard getuig, bestaande uit de haam, het kopstuk, de buikriem en het trekzeil, hebben de leden van de Jonkheid voor ieder paard een kleurrijke krans van cr\u00eapepapier gemaakt.<\/span><\/p><p><span data-editable-id=\"15\" data-editable-touched=\"1\"> Zodra alle paarden zijn opgetuigd, worden ze ingespannen en wordt alles klaargemaakt voor vertrek richting het Rode Bos. R<\/span><span style=\"background-color: var(--ast-global-color-5); color: var(--ast-global-color-3); font-size: 1rem;\">ond 10.00 uur blaast een bestuurslid van de Jonkheid dat is aangewezen als &#8220;hulp-kapitein&#8221; op de koperen toeter, ook wel <em>&#8220;tr\u00f9t&#8221;<\/em> genoemd, en zet de stoet van 20 tot 25 paarden zich in beweging.<\/span><\/p>\t\t\t\t\t\t\t\t<\/div>\n\t\t\t\t<\/div>\n\t\t\t\t\t<\/div>\n\t\t<\/div>\n\t\t\t\t\t<\/div>\n\t\t<\/section>\n\t\t\t\t<div class=\"elementor-element elementor-element-e84cc54 elementor-widget elementor-widget-text-editor\" data-id=\"e84cc54\" data-element_type=\"widget\" data-e-type=\"widget\" data-widget_type=\"text-editor.default\">\n\t\t\t\t<div class=\"elementor-widget-container\">\n\t\t\t\t\t\t\t\t\t<p><span data-editable-id=\"15\" data-editable-touched=\"1\">Na ongeveer 200 meter lopen wordt er gestopt bij het huis van de voormalige smidse Hodiamont om de wielen van de wagen te smeren. De kleinzoon van de vroegere smid, Thierry Hodiamont, neemt deze taak al enkele jaren op zich, sinds zijn vader Peter het stokje aan hem heeft overgedragen. Nadat het smeren van de wielen <\/span><span data-editable-id=\"16\">heeft plaatsgevonden, vertrekt men echt richting het Rode Bos<\/span><span data-editable-id=\"17\" data-editable-touched=\"1\">. <\/span><\/p><p><span data-editable-id=\"17\" data-editable-touched=\"1\">Als alles volgens plan verloopt, wordt het Rode Bos rond het middaguur bereikt.\u00a0<\/span><\/p>\t\t\t\t\t\t\t\t<\/div>\n\t\t\t\t<\/div>\n\t\t\t\t\t<\/div>\n\t\t<\/div>\n\t\t\t\t\t<\/div>\n\t\t<\/section>\n\t\t\t\t<section class=\"elementor-section elementor-top-section elementor-element elementor-element-c14e1df elementor-section-boxed elementor-section-height-default elementor-section-height-default\" data-id=\"c14e1df\" data-element_type=\"section\" data-e-type=\"section\">\n\t\t\t\t\t\t<div class=\"elementor-container elementor-column-gap-default\">\n\t\t\t\t\t<div class=\"elementor-column elementor-col-100 elementor-top-column elementor-element elementor-element-afbc01a\" data-id=\"afbc01a\" data-element_type=\"column\" data-e-type=\"column\">\n\t\t\t<div class=\"elementor-widget-wrap elementor-element-populated\">\n\t\t\t\t\t\t<section class=\"elementor-section elementor-inner-section elementor-element elementor-element-c1f8c50 elementor-section-boxed elementor-section-height-default elementor-section-height-default\" data-id=\"c1f8c50\" data-element_type=\"section\" data-e-type=\"section\">\n\t\t\t\t\t\t<div class=\"elementor-container elementor-column-gap-default\">\n\t\t\t\t\t<div class=\"elementor-column elementor-col-50 elementor-inner-column elementor-element elementor-element-d0927bf\" data-id=\"d0927bf\" data-element_type=\"column\" data-e-type=\"column\">\n\t\t\t<div class=\"elementor-widget-wrap elementor-element-populated\">\n\t\t\t\t\t\t<div class=\"elementor-element elementor-element-f7c7264 elementor-widget elementor-widget-image\" data-id=\"f7c7264\" data-element_type=\"widget\" data-e-type=\"widget\" data-widget_type=\"image.default\">\n\t\t\t\t<div class=\"elementor-widget-container\">\n\t\t\t\t\t\t\t\t\t\t\t\t<figure class=\"wp-caption\">\n\t\t\t\t\t\t\t\t\t\t<img loading=\"lazy\" decoding=\"async\" width=\"1024\" height=\"683\" src=\"https:\/\/jonkheidnoorbeek.nl\/wp-content\/uploads\/2022\/11\/Denhalen-2014-Heenweg-laden-van-de-den-96.jpg\" class=\"attachment-large size-large wp-image-1823\" alt=\"\" srcset=\"https:\/\/jonkheidnoorbeek.nl\/wp-content\/uploads\/2022\/11\/Denhalen-2014-Heenweg-laden-van-de-den-96.jpg 1024w, https:\/\/jonkheidnoorbeek.nl\/wp-content\/uploads\/2022\/11\/Denhalen-2014-Heenweg-laden-van-de-den-96-300x200.jpg 300w, https:\/\/jonkheidnoorbeek.nl\/wp-content\/uploads\/2022\/11\/Denhalen-2014-Heenweg-laden-van-de-den-96-768x512.jpg 768w\" sizes=\"(max-width: 1024px) 100vw, 1024px\" \/>\t\t\t\t\t\t\t\t\t\t\t<figcaption class=\"widget-image-caption wp-caption-text\">Het laden van de den in het Rode Bos in Remersdaal<\/figcaption>\n\t\t\t\t\t\t\t\t\t\t<\/figure>\n\t\t\t\t\t\t\t\t\t<\/div>\n\t\t\t\t<\/div>\n\t\t\t\t\t<\/div>\n\t\t<\/div>\n\t\t\t\t<div class=\"elementor-column elementor-col-50 elementor-inner-column elementor-element elementor-element-9361471\" data-id=\"9361471\" data-element_type=\"column\" data-e-type=\"column\">\n\t\t\t<div class=\"elementor-widget-wrap elementor-element-populated\">\n\t\t\t\t\t\t<div class=\"elementor-element elementor-element-1966043 elementor-widget elementor-widget-heading\" data-id=\"1966043\" data-element_type=\"widget\" data-e-type=\"widget\" data-widget_type=\"heading.default\">\n\t\t\t\t<div class=\"elementor-widget-container\">\n\t\t\t\t\t<h4 class=\"elementor-heading-title elementor-size-default\">In het bos bij Remersdaal<\/h4>\t\t\t\t<\/div>\n\t\t\t\t<\/div>\n\t\t\t\t<div class=\"elementor-element elementor-element-bf47f4c elementor-widget elementor-widget-text-editor\" data-id=\"bf47f4c\" data-element_type=\"widget\" data-e-type=\"widget\" data-widget_type=\"text-editor.default\">\n\t\t\t\t<div class=\"elementor-widget-container\">\n\t\t\t\t\t\t\t\t\t<p>Wanneer beide groepen van de Jonkheid in het Rode Bos zijn aangekomen, wordt er een middagpauze ingelast. Onder het genot van een broodje worst genieten de leden van de Jonkheid \u00e9n de paarden van hun welverdiende rust. De paarden krijgen hooi en water, maar voor de Jonkheid duurt de pauze niet al te lang.<\/p><p>Na de lunch wordt er begonnen met het laden van de den op de dennenwagen. Hiervoor worden <em>&#8220;sjtiepen&#8221;<\/em>, rondhouten die met een ketting aan elkaar gekoppeld zijn en voorzien zijn van dwarshouten, gebruikt. Met deze <em>&#8220;sjtiepen&#8221; <\/em>wordt de den beetje bij beetje hoger opgetild totdat de dennenwagen er precies onder kan worden geschoven<span style=\"background-color: var(--ast-global-color-5); color: var(--ast-global-color-3); font-size: 1rem;\">. <\/span><\/p><p><span style=\"background-color: var(--ast-global-color-5); color: var(--ast-global-color-3); font-size: 1rem;\">Vervolgens wordt de den stevig met kettingen vastgelegd op de dennenwagen. Daarna worden d<\/span><span style=\"background-color: var(--ast-global-color-5); color: var(--ast-global-color-3); font-size: 1rem;\">e paarden weer ingespannen, en als <\/span><span style=\"background-color: var(--ast-global-color-5); color: var(--ast-global-color-3); font-size: 1rem;\">de kapitein van de Jonkheid op de <em>&#8220;tr\u00f9t&#8221;<\/em> blaast zet de stoet met paarden, nu m\u00e9t de nieuwe den, zich weer in beweging.<\/span><\/p>\t\t\t\t\t\t\t\t<\/div>\n\t\t\t\t<\/div>\n\t\t\t\t\t<\/div>\n\t\t<\/div>\n\t\t\t\t\t<\/div>\n\t\t<\/section>\n\t\t\t\t<section class=\"elementor-section elementor-inner-section elementor-element elementor-element-4e35c7c elementor-section-boxed elementor-section-height-default elementor-section-height-default\" data-id=\"4e35c7c\" data-element_type=\"section\" data-e-type=\"section\">\n\t\t\t\t\t\t<div class=\"elementor-container elementor-column-gap-default\">\n\t\t\t\t\t<div class=\"elementor-column elementor-col-50 elementor-inner-column elementor-element elementor-element-ad31802\" data-id=\"ad31802\" data-element_type=\"column\" data-e-type=\"column\">\n\t\t\t<div class=\"elementor-widget-wrap elementor-element-populated\">\n\t\t\t\t\t\t<div class=\"elementor-element elementor-element-34933a9 elementor-widget elementor-widget-image\" data-id=\"34933a9\" data-element_type=\"widget\" data-e-type=\"widget\" data-widget_type=\"image.default\">\n\t\t\t\t<div class=\"elementor-widget-container\">\n\t\t\t\t\t\t\t\t\t\t\t\t<figure class=\"wp-caption\">\n\t\t\t\t\t\t\t\t\t\t<img loading=\"lazy\" decoding=\"async\" width=\"1024\" height=\"683\" src=\"https:\/\/jonkheidnoorbeek.nl\/wp-content\/uploads\/2022\/11\/Denhalen-2014-Terugweg-61.jpg\" class=\"attachment-large size-large wp-image-1833\" alt=\"\" srcset=\"https:\/\/jonkheidnoorbeek.nl\/wp-content\/uploads\/2022\/11\/Denhalen-2014-Terugweg-61.jpg 1024w, https:\/\/jonkheidnoorbeek.nl\/wp-content\/uploads\/2022\/11\/Denhalen-2014-Terugweg-61-300x200.jpg 300w, https:\/\/jonkheidnoorbeek.nl\/wp-content\/uploads\/2022\/11\/Denhalen-2014-Terugweg-61-768x512.jpg 768w\" sizes=\"(max-width: 1024px) 100vw, 1024px\" \/>\t\t\t\t\t\t\t\t\t\t\t<figcaption class=\"widget-image-caption wp-caption-text\">De bocht wordt gemaakt op Hoogcruts<\/figcaption>\n\t\t\t\t\t\t\t\t\t\t<\/figure>\n\t\t\t\t\t\t\t\t\t<\/div>\n\t\t\t\t<\/div>\n\t\t\t\t\t<\/div>\n\t\t<\/div>\n\t\t\t\t<div class=\"elementor-column elementor-col-50 elementor-inner-column elementor-element elementor-element-2203dcd\" data-id=\"2203dcd\" data-element_type=\"column\" data-e-type=\"column\">\n\t\t\t<div class=\"elementor-widget-wrap elementor-element-populated\">\n\t\t\t\t\t\t<div class=\"elementor-element elementor-element-d884478 elementor-widget elementor-widget-heading\" data-id=\"d884478\" data-element_type=\"widget\" data-e-type=\"widget\" data-widget_type=\"heading.default\">\n\t\t\t\t<div class=\"elementor-widget-container\">\n\t\t\t\t\t<h4 class=\"elementor-heading-title elementor-size-default\">De terugreis naar Noorbeek<\/h4>\t\t\t\t<\/div>\n\t\t\t\t<\/div>\n\t\t\t\t<div class=\"elementor-element elementor-element-691da2f elementor-widget elementor-widget-text-editor\" data-id=\"691da2f\" data-element_type=\"widget\" data-e-type=\"widget\" data-widget_type=\"text-editor.default\">\n\t\t\t\t<div class=\"elementor-widget-container\">\n\t\t\t\t\t\t\t\t\t<p>De terugreis naar Noorbeek wordt meerdere keren onderbroken voor een bezoek aan de verschillende horecagelegenheden langs de route. Op Schilberg, op de plek waar vroeger Caf\u00e9 Schilberg lag, stopt de stoet voor de eerste keer. Hier krijgen de paarden voor de laatste keer water, en de inwoners van Schilberg trakteren de leden van de Jonkheid op een kop warme soep.<\/p><p>Vervolgens stopt de stoet bij Caf\u00e9 Offermans op Hoogcruts. Hier worden de laatste versieringen, in de vorm van rozen of slingers gemaakt van cr\u00eapepapier, door de leden van de Jonkheid aangebracht.<\/p>\t\t\t\t\t\t\t\t<\/div>\n\t\t\t\t<\/div>\n\t\t\t\t\t<\/div>\n\t\t<\/div>\n\t\t\t\t\t<\/div>\n\t\t<\/section>\n\t\t\t\t<section class=\"elementor-section elementor-inner-section elementor-element elementor-element-1a4ae4e elementor-section-boxed elementor-section-height-default elementor-section-height-default\" data-id=\"1a4ae4e\" data-element_type=\"section\" data-e-type=\"section\">\n\t\t\t\t\t\t<div class=\"elementor-container elementor-column-gap-default\">\n\t\t\t\t\t<div class=\"elementor-column elementor-col-50 elementor-inner-column elementor-element elementor-element-7d2111b\" data-id=\"7d2111b\" data-element_type=\"column\" data-e-type=\"column\">\n\t\t\t<div class=\"elementor-widget-wrap elementor-element-populated\">\n\t\t\t\t\t\t<div class=\"elementor-element elementor-element-d77805f elementor-widget elementor-widget-heading\" data-id=\"d77805f\" data-element_type=\"widget\" data-e-type=\"widget\" data-widget_type=\"heading.default\">\n\t\t\t\t<div class=\"elementor-widget-container\">\n\t\t\t\t\t<h4 class=\"elementor-heading-title elementor-size-default\">Aankomst in Noorbeek<\/h4>\t\t\t\t<\/div>\n\t\t\t\t<\/div>\n\t\t\t\t<div class=\"elementor-element elementor-element-88b70f0 elementor-widget elementor-widget-text-editor\" data-id=\"88b70f0\" data-element_type=\"widget\" data-e-type=\"widget\" data-widget_type=\"text-editor.default\">\n\t\t\t\t<div class=\"elementor-widget-container\">\n\t\t\t\t\t\t\t\t\t<p><span style=\"background-color: var(--ast-global-color-5); color: var(--ast-global-color-3); font-size: 1rem;\">Onder het gezang van het lied: <em>&#8220;H\u00e8ve, h\u00e8ve, h\u00e8ve, loate vur nog uns h\u00e8ve, ter iere van Sint Briej&#8221;<\/em> nadert de Jonkheid rond 18.30 uur de bebouwde kom van Noorbeek. Bij de plaatsnaamborden staan al veel dorpsbewoners te wachten om de prachtige stoet het dorp te zien binnenkomen. In Noorbeek wordt er nog gestopt bij Eetcaf\u00e9 Tinus in de Bovenstraat en Restaurant Du Nord in de Dorpstraat. <\/span><\/p><p>\u00a0<\/p><p><span style=\"background-color: var(--ast-global-color-5); color: var(--ast-global-color-3); font-size: 1rem;\">Dit is voor velen de gelegenheid om foto&#8217;s te maken met de paarden en de den voor de eerste keer goed te bekijken. Voor velen is dit h\u00e9t moment om foto\u2019s te maken met de paarden en de nieuwe den van dichtbij te bewonderen. Ook voor de leden van de Jonkheid is er de dan de mogelijkheid om even bij te praten met ouders en familie, en met hun paard op de foto te gaan. Veel van die foto\u2019s zullen het komende jaar met trots worden gebruikt als profielfoto op sociale media.<\/span><\/p>\t\t\t\t\t\t\t\t<\/div>\n\t\t\t\t<\/div>\n\t\t\t\t\t<\/div>\n\t\t<\/div>\n\t\t\t\t<div class=\"elementor-column elementor-col-50 elementor-inner-column elementor-element elementor-element-1284e16\" data-id=\"1284e16\" data-element_type=\"column\" data-e-type=\"column\">\n\t\t\t<div class=\"elementor-widget-wrap elementor-element-populated\">\n\t\t\t\t\t\t<div class=\"elementor-element elementor-element-b8ec32e elementor-widget elementor-widget-image\" data-id=\"b8ec32e\" data-element_type=\"widget\" data-e-type=\"widget\" data-widget_type=\"image.default\">\n\t\t\t\t<div class=\"elementor-widget-container\">\n\t\t\t\t\t\t\t\t\t\t\t\t<figure class=\"wp-caption\">\n\t\t\t\t\t\t\t\t\t\t<img loading=\"lazy\" decoding=\"async\" width=\"1024\" height=\"612\" src=\"https:\/\/jonkheidnoorbeek.nl\/wp-content\/uploads\/2022\/11\/279646778_5343580605655140_20051858994022710_n-1024x612.jpg\" class=\"attachment-large size-large wp-image-2007\" alt=\"\" srcset=\"https:\/\/jonkheidnoorbeek.nl\/wp-content\/uploads\/2022\/11\/279646778_5343580605655140_20051858994022710_n-1024x612.jpg 1024w, https:\/\/jonkheidnoorbeek.nl\/wp-content\/uploads\/2022\/11\/279646778_5343580605655140_20051858994022710_n-300x179.jpg 300w, https:\/\/jonkheidnoorbeek.nl\/wp-content\/uploads\/2022\/11\/279646778_5343580605655140_20051858994022710_n-768x459.jpg 768w, https:\/\/jonkheidnoorbeek.nl\/wp-content\/uploads\/2022\/11\/279646778_5343580605655140_20051858994022710_n-1536x918.jpg 1536w, https:\/\/jonkheidnoorbeek.nl\/wp-content\/uploads\/2022\/11\/279646778_5343580605655140_20051858994022710_n.jpg 1970w\" sizes=\"(max-width: 1024px) 100vw, 1024px\" \/>\t\t\t\t\t\t\t\t\t\t\t<figcaption class=\"widget-image-caption wp-caption-text\">Aankomst van de paardenstoet in Noorbeek<\/figcaption>\n\t\t\t\t\t\t\t\t\t\t<\/figure>\n\t\t\t\t\t\t\t\t\t<\/div>\n\t\t\t\t<\/div>\n\t\t\t\t\t<\/div>\n\t\t<\/div>\n\t\t\t\t\t<\/div>\n\t\t<\/section>\n\t\t\t\t<section class=\"elementor-section elementor-inner-section elementor-element elementor-element-83afdf1 elementor-section-boxed elementor-section-height-default elementor-section-height-default\" data-id=\"83afdf1\" data-element_type=\"section\" data-e-type=\"section\">\n\t\t\t\t\t\t<div class=\"elementor-container elementor-column-gap-default\">\n\t\t\t\t\t<div class=\"elementor-column elementor-col-50 elementor-inner-column elementor-element elementor-element-47758f1\" data-id=\"47758f1\" data-element_type=\"column\" data-e-type=\"column\">\n\t\t\t<div class=\"elementor-widget-wrap elementor-element-populated\">\n\t\t\t\t\t\t<div class=\"elementor-element elementor-element-3331fc4 elementor-widget elementor-widget-image\" data-id=\"3331fc4\" data-element_type=\"widget\" data-e-type=\"widget\" data-widget_type=\"image.default\">\n\t\t\t\t<div class=\"elementor-widget-container\">\n\t\t\t\t\t\t\t\t\t\t\t\t<figure class=\"wp-caption\">\n\t\t\t\t\t\t\t\t\t\t<img loading=\"lazy\" decoding=\"async\" width=\"1024\" height=\"683\" src=\"https:\/\/jonkheidnoorbeek.nl\/wp-content\/uploads\/2022\/11\/Denhalen-2014-Terugweg-103.jpg\" class=\"attachment-large size-large wp-image-2014\" alt=\"\" srcset=\"https:\/\/jonkheidnoorbeek.nl\/wp-content\/uploads\/2022\/11\/Denhalen-2014-Terugweg-103.jpg 1024w, https:\/\/jonkheidnoorbeek.nl\/wp-content\/uploads\/2022\/11\/Denhalen-2014-Terugweg-103-300x200.jpg 300w, https:\/\/jonkheidnoorbeek.nl\/wp-content\/uploads\/2022\/11\/Denhalen-2014-Terugweg-103-768x512.jpg 768w\" sizes=\"(max-width: 1024px) 100vw, 1024px\" \/>\t\t\t\t\t\t\t\t\t\t\t<figcaption class=\"widget-image-caption wp-caption-text\">De laatste meters van het karrenpaard<\/figcaption>\n\t\t\t\t\t\t\t\t\t\t<\/figure>\n\t\t\t\t\t\t\t\t\t<\/div>\n\t\t\t\t<\/div>\n\t\t\t\t\t<\/div>\n\t\t<\/div>\n\t\t\t\t<div class=\"elementor-column elementor-col-50 elementor-inner-column elementor-element elementor-element-2b31a63\" data-id=\"2b31a63\" data-element_type=\"column\" data-e-type=\"column\">\n\t\t\t<div class=\"elementor-widget-wrap elementor-element-populated\">\n\t\t\t\t\t\t<div class=\"elementor-element elementor-element-b624650 elementor-widget elementor-widget-heading\" data-id=\"b624650\" data-element_type=\"widget\" data-e-type=\"widget\" data-widget_type=\"heading.default\">\n\t\t\t\t<div class=\"elementor-widget-container\">\n\t\t\t\t\t<h4 class=\"elementor-heading-title elementor-size-default\">Aankomst op de Pley<\/h4>\t\t\t\t<\/div>\n\t\t\t\t<\/div>\n\t\t\t\t<div class=\"elementor-element elementor-element-382b7a2 elementor-widget elementor-widget-text-editor\" data-id=\"382b7a2\" data-element_type=\"widget\" data-e-type=\"widget\" data-widget_type=\"text-editor.default\">\n\t\t\t\t<div class=\"elementor-widget-container\">\n\t\t\t\t\t\t\t\t\t<p>Nadat de avondmis is afgelopen, komt de Jonkheid rond 20.00 uur aan op de Pley. Op het moment dat de Jonkheid met de paarden en de den de Pley op lopen beginnen de klokken van de Sint-Brigida-kerk te luiden en maken de toeschouwers de weg vrij voor de stoet. Op de Pley wordt nog \u00e9\u00e9n keer gestopt. De paarden worden losgekoppeld van de dennenwagen, waarna alle dieren een laatste ereronde rond de kerk maken. Alleen het karrenpaard blijft achter met de dennenwagen en de nieuwe den om deze de laatste meters over de Pley richting de kapel te trekken.<\/p><p>Zodra de overige paarden hun ronde hebben voltooid en opnieuw over de Pley komen, worden ze door het publiek luid toegejuicht en warm onthaald met applaus.<\/p>\t\t\t\t\t\t\t\t<\/div>\n\t\t\t\t<\/div>\n\t\t\t\t\t<\/div>\n\t\t<\/div>\n\t\t\t\t\t<\/div>\n\t\t<\/section>\n\t\t\t\t<div class=\"elementor-element elementor-element-b534d56 elementor-widget elementor-widget-text-editor\" data-id=\"b534d56\" data-element_type=\"widget\" data-e-type=\"widget\" data-widget_type=\"text-editor.default\">\n\t\t\t\t<div class=\"elementor-widget-container\">\n\t\t\t\t\t\t\t\t\t<p>Als alle paarden gepasseerd zijn, gaat alle aandacht naar het karrenpaard aan de andere kant van de Pley. Na een laatste inspectie door de kapitein <span data-editable-id=\"22\" data-editable-touched=\"1\">wordt het sein gegeven dat er vertrokken kan worden. Het karrenpaard trekt de dennenwagen, met de den en een aantal (stoppende) leden van de Jonkheid, in beweging. Wanneer de Den bij de kapel is aangekomen, blaast de kapitein voor de laatste keer op zijn <span style=\"background-color: var(--ast-global-color-5); color: var(--ast-global-color-3); font-size: 1rem;\"><em>&#8220;tr\u00f9t&#8221;<\/em><\/span>. De taak van de Jonkheid is volbracht. <\/span>Ten slotte wordt afscheid genomen van de stoppende Jonkheidsleden door hen te jonassen, een traditie die het einde van hun Jonkheidstijd markeert.<\/p>\t\t\t\t\t\t\t\t<\/div>\n\t\t\t\t<\/div>\n\t\t\t\t\t<\/div>\n\t\t<\/div>\n\t\t\t\t\t<\/div>\n\t\t<\/section>\n\t\t\t\t<section class=\"elementor-section elementor-top-section elementor-element elementor-element-be06151 elementor-section-boxed elementor-section-height-default elementor-section-height-default\" data-id=\"be06151\" data-element_type=\"section\" data-e-type=\"section\">\n\t\t\t\t\t\t<div class=\"elementor-container elementor-column-gap-default\">\n\t\t\t\t\t<div class=\"elementor-column elementor-col-100 elementor-top-column elementor-element elementor-element-b7eef62\" data-id=\"b7eef62\" data-element_type=\"column\" data-e-type=\"column\">\n\t\t\t<div class=\"elementor-widget-wrap elementor-element-populated\">\n\t\t\t\t\t\t<section class=\"elementor-section elementor-inner-section elementor-element elementor-element-f591953 elementor-section-boxed elementor-section-height-default elementor-section-height-default\" data-id=\"f591953\" data-element_type=\"section\" data-e-type=\"section\">\n\t\t\t\t\t\t<div class=\"elementor-container elementor-column-gap-default\">\n\t\t\t\t\t<div class=\"elementor-column elementor-col-50 elementor-inner-column elementor-element elementor-element-d70c83f\" data-id=\"d70c83f\" data-element_type=\"column\" data-e-type=\"column\">\n\t\t\t<div class=\"elementor-widget-wrap elementor-element-populated\">\n\t\t\t\t\t\t<div class=\"elementor-element elementor-element-902e882 elementor-widget elementor-widget-image\" data-id=\"902e882\" data-element_type=\"widget\" data-e-type=\"widget\" data-widget_type=\"image.default\">\n\t\t\t\t<div class=\"elementor-widget-container\">\n\t\t\t\t\t\t\t\t\t\t\t\t<figure class=\"wp-caption\">\n\t\t\t\t\t\t\t\t\t\t<img loading=\"lazy\" decoding=\"async\" width=\"1024\" height=\"683\" src=\"https:\/\/jonkheidnoorbeek.nl\/wp-content\/uploads\/2022\/11\/Denhalen-2014-Heven-van-de-den-55.jpg\" class=\"attachment-large size-large wp-image-1828\" alt=\"\" srcset=\"https:\/\/jonkheidnoorbeek.nl\/wp-content\/uploads\/2022\/11\/Denhalen-2014-Heven-van-de-den-55.jpg 1024w, https:\/\/jonkheidnoorbeek.nl\/wp-content\/uploads\/2022\/11\/Denhalen-2014-Heven-van-de-den-55-300x200.jpg 300w, https:\/\/jonkheidnoorbeek.nl\/wp-content\/uploads\/2022\/11\/Denhalen-2014-Heven-van-de-den-55-768x512.jpg 768w\" sizes=\"(max-width: 1024px) 100vw, 1024px\" \/>\t\t\t\t\t\t\t\t\t\t\t<figcaption class=\"widget-image-caption wp-caption-text\">Het rechtzetten van de den<\/figcaption>\n\t\t\t\t\t\t\t\t\t\t<\/figure>\n\t\t\t\t\t\t\t\t\t<\/div>\n\t\t\t\t<\/div>\n\t\t\t\t\t<\/div>\n\t\t<\/div>\n\t\t\t\t<div class=\"elementor-column elementor-col-50 elementor-inner-column elementor-element elementor-element-b0fff70\" data-id=\"b0fff70\" data-element_type=\"column\" data-e-type=\"column\">\n\t\t\t<div class=\"elementor-widget-wrap elementor-element-populated\">\n\t\t\t\t\t\t<div class=\"elementor-element elementor-element-baafa65 elementor-widget elementor-widget-heading\" data-id=\"baafa65\" data-element_type=\"widget\" data-e-type=\"widget\" data-widget_type=\"heading.default\">\n\t\t\t\t<div class=\"elementor-widget-container\">\n\t\t\t\t\t<h4 class=\"elementor-heading-title elementor-size-default\">Het rechtzetten van de nieuwe den<\/h4>\t\t\t\t<\/div>\n\t\t\t\t<\/div>\n\t\t\t\t<div class=\"elementor-element elementor-element-34a4da7 elementor-widget elementor-widget-text-editor\" data-id=\"34a4da7\" data-element_type=\"widget\" data-e-type=\"widget\" data-widget_type=\"text-editor.default\">\n\t\t\t\t<div class=\"elementor-widget-container\">\n\t\t\t\t\t\t\t\t\t<p>Vervolgens begint de taak van de getrouwde mannen. Alle mannen proberen een plaats aan de <em>&#8220;sjtiepen&#8221;<\/em> te bemachtigen, het <em>&#8220;h\u00e8ven&#8221;<\/em> van de nieuwe Sint Brigida den kan beginnen. Onder leiding van de commandanten (Luc Gubbels, Ron Moonen en Olaf Pasmans) worden de <em>&#8220;sjtiepen&#8221; <\/em>om de beurt verplaatst en opgetild, op dezelfde manier als waarmee de Jonkheid de den eerder op de dennenwagen heeft gekregen. Er wordt ook regelmatig gepauzeerd voor een drankje. Naarmate de avond vordert, komt de den steeds hoger te staan, wordt het gat waarin hij komt te staan met zand aangevuld en worden de betonnen platen die in de vroege ochtend zijn verwijderd een voor een weer teruggeplaatst.<\/p>\t\t\t\t\t\t\t\t<\/div>\n\t\t\t\t<\/div>\n\t\t\t\t\t<\/div>\n\t\t<\/div>\n\t\t\t\t\t<\/div>\n\t\t<\/section>\n\t\t\t\t\t<\/div>\n\t\t<\/div>\n\t\t\t\t\t<\/div>\n\t\t<\/section>\n\t\t\t\t<section class=\"elementor-section elementor-top-section elementor-element elementor-element-8a00e85 elementor-section-boxed elementor-section-height-default elementor-section-height-default\" data-id=\"8a00e85\" data-element_type=\"section\" data-e-type=\"section\">\n\t\t\t\t\t\t<div class=\"elementor-container elementor-column-gap-default\">\n\t\t\t\t\t<div class=\"elementor-column elementor-col-100 elementor-top-column elementor-element elementor-element-3be6ac5\" data-id=\"3be6ac5\" data-element_type=\"column\" data-e-type=\"column\">\n\t\t\t<div class=\"elementor-widget-wrap elementor-element-populated\">\n\t\t\t\t\t\t<div class=\"elementor-element elementor-element-5486cec elementor-widget elementor-widget-text-editor\" data-id=\"5486cec\" data-element_type=\"widget\" data-e-type=\"widget\" data-widget_type=\"text-editor.default\">\n\t\t\t\t<div class=\"elementor-widget-container\">\n\t\t\t\t\t\t\t\t\t<p style=\"text-align: left;\">Als de den uiteindelijk rond 00.00 uur weer recht voor de Sint-Brigida-kapel en kerk staat, is de taak van zowel de Jonkheid als de getrouwde mannen volbracht, er staat weer een nieuwe Sint-Brigida-den.<\/p><p style=\"text-align: left;\" data-editable-id=\"25\">Er zal geen inwoner van Noorbeek zijn die op de zondagochtend niet even een blik werpt op de nieuwe trots van het dorp:\u00a0<\/p><p data-editable-id=\"25\">\u00a0<\/p><p style=\"text-align: center;\" data-editable-id=\"25\">de nieuwe Sint-Brigida-den.<\/p>\t\t\t\t\t\t\t\t<\/div>\n\t\t\t\t<\/div>\n\t\t\t\t\t<\/div>\n\t\t<\/div>\n\t\t\t\t\t<\/div>\n\t\t<\/section>\n\t\t\t\t<\/div>\n\t\t","protected":false},"excerpt":{"rendered":"<p>Sint-Brigida-Denhalen In 1634 beloofden onze voorouders aan Sint-Brigida ieder jaar een den te zullen halen en te planten, als de veeziekte die Noorbeek en omgeving teisterde zou verdwijnen. De veeziekte &hellip;<\/p>\n<p class=\"read-more\"> <a class=\"\" href=\"https:\/\/jonkheidnoorbeek.nl\/index.php\/den-halen\/\"> <span class=\"screen-reader-text\">Den Halen<\/span> Lees meer &raquo;<\/a><\/p>\n","protected":false},"author":1,"featured_media":0,"parent":0,"menu_order":0,"comment_status":"closed","ping_status":"closed","template":"","meta":{"_monsterinsights_skip_tracking":false,"_monsterinsights_sitenote_active":false,"_monsterinsights_sitenote_note":"","_monsterinsights_sitenote_category":0,"site-sidebar-layout":"no-sidebar","site-content-layout":"page-builder","ast-global-header-display":"","ast-main-header-display":"","ast-hfb-above-header-display":"","ast-hfb-below-header-display":"","ast-hfb-mobile-header-display":"","site-post-title":"disabled","ast-breadcrumbs-content":"","ast-featured-img":"disabled","footer-sml-layout":"","theme-transparent-header-meta":"","adv-header-id-meta":"","stick-header-meta":"","header-above-stick-meta":"","header-main-stick-meta":"","header-below-stick-meta":"","ngg_post_thumbnail":0,"footnotes":""},"class_list":["post-2139","page","type-page","status-publish","hentry"],"aioseo_notices":[],"_links":{"self":[{"href":"https:\/\/jonkheidnoorbeek.nl\/index.php\/wp-json\/wp\/v2\/pages\/2139","targetHints":{"allow":["GET"]}}],"collection":[{"href":"https:\/\/jonkheidnoorbeek.nl\/index.php\/wp-json\/wp\/v2\/pages"}],"about":[{"href":"https:\/\/jonkheidnoorbeek.nl\/index.php\/wp-json\/wp\/v2\/types\/page"}],"author":[{"embeddable":true,"href":"https:\/\/jonkheidnoorbeek.nl\/index.php\/wp-json\/wp\/v2\/users\/1"}],"replies":[{"embeddable":true,"href":"https:\/\/jonkheidnoorbeek.nl\/index.php\/wp-json\/wp\/v2\/comments?post=2139"}],"version-history":[{"count":61,"href":"https:\/\/jonkheidnoorbeek.nl\/index.php\/wp-json\/wp\/v2\/pages\/2139\/revisions"}],"predecessor-version":[{"id":4102,"href":"https:\/\/jonkheidnoorbeek.nl\/index.php\/wp-json\/wp\/v2\/pages\/2139\/revisions\/4102"}],"wp:attachment":[{"href":"https:\/\/jonkheidnoorbeek.nl\/index.php\/wp-json\/wp\/v2\/media?parent=2139"}],"curies":[{"name":"wp","href":"https:\/\/api.w.org\/{rel}","templated":true}]}}